{"id":12,"date":"2012-01-24T18:04:56","date_gmt":"2012-01-24T18:04:56","guid":{"rendered":"http:\/\/localhost\/bettina\/?page_id=12"},"modified":"2024-09-08T16:45:00","modified_gmt":"2024-09-08T14:45:00","slug":"bettina-hallifax","status":"publish","type":"page","link":"https:\/\/www.reset-neustart.de\/index.php\/bettina-hallifax","title":{"rendered":"\u00dcber Bettina &#038; 1:1"},"content":{"rendered":"<p>&nbsp;<\/p>\n<p><span style=\"font-size: 10pt;\">\u00a0<\/span><\/p>\n<p><a href=\"http:\/\/www.reset-neustart.de\/index.php\/bettina-hallifax\/8779d7ca\" rel=\"attachment wp-att-600\"><img loading=\"lazy\" decoding=\"async\" class=\"wp-image-600 alignleft\" src=\"http:\/\/www.reset-neustart.de\/wp-content\/uploads\/2012\/01\/8779d7ca-367x244.jpg\" alt=\"\" width=\"232\" height=\"154\" srcset=\"https:\/\/www.reset-neustart.de\/wp-content\/uploads\/2012\/01\/8779d7ca-367x244.jpg 367w, https:\/\/www.reset-neustart.de\/wp-content\/uploads\/2012\/01\/8779d7ca-768x510.jpg 768w, https:\/\/www.reset-neustart.de\/wp-content\/uploads\/2012\/01\/8779d7ca-1024x680.jpg 1024w\" sizes=\"auto, (max-width: 232px) 100vw, 232px\" \/><\/a><\/p>\n<h2><\/h2>\n<h2>\u00dcber Bettina Hallifax<\/h2>\n<p>&nbsp;<\/p>\n<p>Viele Jahre war ich auf der Suche nach dieser inneren Unbeschwertheit und Freude, die ich auf den Fotos meiner Kindheit sah und zu der ich einfach keinen Zugang mehr fand. Ich kam an einen Punkt, an dem es so, wie es war, nicht mehr weitergehen konnte. Mein K\u00f6rper rebellierte, mein Immunsystem war \u201eout of order\u201c und ich erkrankte am Epstein-Barr-Virus, der mich schlie\u00dflich arbeitsunf\u00e4hig machte. Heute w\u00fcrde man einen &#8222;Burnout&#8220; diagnostizieren.\u00a0Jahrelang hatte ich einen Beruf ausge\u00fcbt, der mich zwar interessierte, jedoch nicht erf\u00fcllte. Ich f\u00fchlte mich leer und ersch\u00f6pft, zus\u00e4tzlich machte ich mir st\u00e4ndig Vorw\u00fcrfe \u00fcber meine \u201cLuxusprobleme\u201c. Mir ging es ja schlie\u00dflich nicht schlecht, ich hatte eigentlich alles \u2013 einen wundervollen Mann, einen Job in der Werbebranche \u2013 dennoch war ich in mir gefangen, unfrei und ungl\u00fccklich.<\/p>\n<p>Eine Freundin dr\u00fcckte mir damals das Buch \u201eThe Journey \u2013 Der Highway zur Seele\u201c von Brandon Bays in die Hand. Ich bin ihr bis heute dankbar. Skeptisch und doch zutiefst ber\u00fchrt und neugierig, ging ich zu einer Journey Practitionerin, die mich auf meiner ersten Journey begleitete. F\u00fcr mich begann in jenem Moment nicht nur eine Reise zu mir selbst, nein alles ver\u00e4nderte sich. Tief verborgen unter all den Blockaden, sprudelte dieser enorme Reichtum an Grenzenlosigkeit und Freude, den ich vergeblich im Au\u00dfen gesucht hatte. Ich besiegte meine Krankheit und was ich damals nicht ahnte:\u00a0<strong><em>The Journey<\/em><\/strong>\u00a0wurde zu meinem Beruf und meiner Berufung.<\/p>\n<p><em><strong>Ich habe den Reset-Knopf gedr\u00fcckt und an mir selbst und vielen Menschen erleben d\u00fcrfen, dass es m\u00f6glich ist, neu zu starten, mit alten Verletzungen abzuschlie\u00dfen, sich selbst zu finden, sich innerlich frei zu f\u00fchlen und das Leben in all seinen Facetten zu leben, erleben und genie\u00dfen.<\/strong><\/em><\/p>\n<p><a href=\"https:\/\/www.mystica.tv\/bettina-hallifax-portrait\/\">Hier geht es zu meinem Interview bei Mystica.tv\u00a0<\/a><\/p>\n<p>&nbsp;<\/p>\n<p><span style=\"color: #3c748e;\"><strong><em>Meine Reise mit The Journey<\/em><\/strong><\/span><\/p>\n<p>Das Ausbildungsprogramm zum akkreditierten Journey Practitioner war nicht nur mein pers\u00f6nlicher sondern auch beruflicher Wendepunkt. Bis zum heutigen Tag hatte ich nicht nur die M\u00f6glichkeit, viele Menschen auf ihren Reisen zu begleiten sondern auch als Presenter f\u00fcr <em>The Journey\u00a0<\/em>Seminare in Deutschland, \u00d6sterreich, der Schweiz, D\u00e4nemark, Estland, Rum\u00e4nien und den Niederlanden zu geben, sowie als \u00dcbersetzerin und Trainerin Journey Seminare mit Teilnehmern aus bis zu 27 verschiedenen Nationen zu begleiten. Seit 2005 arbeite ich jetzt eng mit Brandon Bays und Kevin Billett zusammen und vertrete als offizielle Repr\u00e4sentantin <em>The Journey und Brandon Bays<\/em>\u00a0im deutschsprachigen Markt. Diese Erfahrungen und die unz\u00e4hligen, wertvollen Momente haben nicht nur mein Weltbild ver\u00e4ndert und mir gezeigt, was an Heilung f\u00fcr den Einzelnen und f\u00fcr Gemeinschaften m\u00f6glich sein kann, sondern haben meinen Wunsch jedes Mal aufs Neue best\u00e4rkt, meine Energie und Lebensfreude in den Wandel, das Wachstum und die pers\u00f6nliche und spirituelle Entwicklung von Menschen (mich eingeschlossen) zu stecken.<\/p>\n<p><a href=\"https:\/\/youtu.be\/nmeYPZbH2Vk\">Kurzes Interview zu The Journey<\/a><\/p>\n<p>&nbsp;<\/p>\n<p><span style=\"color: #3c748e;\"><strong><em>Mein N\u00e4hrboden f\u00fcr Seminare<\/em><\/strong><\/span><\/p>\n<p>Aus dieser Passion heraus, absolvierte ich Kevin Billets Ausbildungsprogramm \u201eVisonary Leadership\u201c, Brandon &amp; Kevins Programm zum Journey Life Coach, \u00a0habe mich von Chief Phil Lane zum Facilitator der Dialogmethode ausbilden lassen und bin leidenschaftliche Teilnehmerin der Meditationskurse \u201eAwakened Life\u201c von Craig Hamilton.<\/p>\n<p>Die Reisen nach Indien und die j\u00e4hrliche Stille Wanderung in den W\u00e4ldern des Hl. Franziskus sind ein N\u00e4hrboden f\u00fcr meine spirituelle Wachstum.<\/p>\n<p>Tiere haben in meinem Leben schon als Kind eine gro\u00dfe Bedeutung gespielt. Die Vertrautheit einander zu verstehen, ohne Worte und das Gef\u00fchl zu gen\u00fcgen, niemand sein oder darstellen zu m\u00fcssen. Aus meiner Liebe zu meinen pers\u00f6nlich gr\u00f6\u00dften Lehrern \u2013 den Pferden \u2013 und ihrer Sprache, entstanden die Seminare <em>Seelensprache mit Pferden<\/em>, die jedes Jahr wieder ein absolutes Highlight f\u00fcr mich sind.<\/p>\n<p>&nbsp;<\/p>\n<p><span style=\"color: #3c748e;\"><em><strong>Der Talking Stick und seine heilende Magie \u2026<\/strong><\/em><\/span><\/p>\n<p>Durch den Kanadier Chief Phil Lane lernte ich die Dialog Methode kennen. Der hierbei verwendete Talking Stick wird f\u00fcr Kreisgespr\u00e4che eingesetzt, um den Dialog miteinander zu vertiefen und auch zu lernen auf Herzensebene zu sprechen. Das Trainingsprogramm zum Facilitator der Dialog Methode und das Assistieren auf seinen Workshop sind f\u00fcr mich eine optimale Erg\u00e4nzung zur Journey Arbeit und haben einen nat\u00fcrlichen Weg in meine Seminare gefunden.<\/p>\n<p>&nbsp;<\/p>\n<p><span style=\"color: #3c748e;\"><em><strong>Weitere wichtige Einfl\u00fcsse <\/strong><\/em><\/span><\/p>\n<p>Seit vielen Jahren vertiefe ich mich in verschiedene Meditationstechniken und bin begeisterte Anh\u00e4ngerin von den Programmen bei\u00a0<em>Evolving Wisdom\u00a0<\/em>und aktive Teilnehmerin bei The Awakened Life von Craig Hamilton.<\/p>\n<p>2021 wurde ich auf die transformative Arbeit von Thomas H\u00fcbl aufmerksam. Die Verbindung von individueller, Ahnen- und kollektiver Traumaarbeit mit Meditation, Kontemplation und Achtsamkeit faszinierte mich zutiefst. Daher schloss ich mich Anfang 2022 seinem 2-j\u00e4hrigen Timeless Wisdom Trainings an der Academy of Inner Science an. Diese Erfahrung markierte einen bedeutenden Meilenstein f\u00fcr meine pers\u00f6nliche und berufliche Entwicklung, so dass ich 2024 mit dem Jahres Training zum Facilitator f\u00fcr Kulturelles Trauma gleich weitergemacht habe.<\/p>\n<p>&nbsp;<\/p>\n<h3><span style=\"color: #3c748e;\"><em>Einzelsitzungen &amp; Begleitung<\/em><\/span><\/h3>\n<p>&nbsp;<\/p>\n<p><span style=\"font-family: trebuchet ms, lucida grande, lucida sans unicode, lucida sans, tahoma, sans-serif;\">Seit 2002 \u00a0begleite ich Menschen, die eine echte Ver\u00e4nderung in ihrem Leben wollen, und doch mit wiederkehrenden Gef\u00fchlen von Unsicherheit, Angst, Stress, Depressionen oder k\u00f6rperlicher Krankheit zu k\u00e4mpfen haben.\u00a0<\/span><br \/>\n<span style=\"font-family: trebuchet ms, lucida grande, lucida sans unicode, lucida sans, tahoma, sans-serif;\">Ich unterst\u00fctze dich gerne auf deinem Weg, dich von emotionalen Schmerzen und begrenzenden \u00dcberzeugungen zu befreien, damit du dich in die Klarheit und Freude deines wahren Selbst, deiner Essenz \u00f6ffnen und daraus leben kannst.\u00a0<\/span><br \/>\n<span style=\"font-family: trebuchet ms, lucida grande, lucida sans unicode, lucida sans, tahoma, sans-serif;\">\u00a0<\/span><br \/>\n<span style=\"font-family: trebuchet ms, lucida grande, lucida sans unicode, lucida sans, tahoma, sans-serif;\">Wenn du in deinem Leben Herausforderungen hast oder du sp\u00fcrst da geht noch mehr, z\u00f6gere nicht sondern kontaktiere mich bitte. In einem pers\u00f6nlichen Gespr\u00e4ch kann ich dir n\u00e4here Informationen geben und wir k\u00f6nnen gemeinsam pr\u00fcfen, ob wir ein gutes Team f\u00fcr deine Lebensthemen sind.<\/span><\/p>\n<p><a href=\"mailto:info@reset-neustart.de\">Melde dich hier f\u00fcr ein kostenloses Erstgespr\u00e4ch<\/a><br \/>\n<span style=\"font-family: trebuchet ms, lucida grande, lucida sans unicode, lucida sans, tahoma, sans-serif;\">\u00a0<\/span><br \/>\n<span style=\"font-family: trebuchet ms, lucida grande, lucida sans unicode, lucida sans, tahoma, sans-serif;\">Die Eins-zu-eins-Sitzungen biete ich \u00fcber Zoom,Telefon,Facetime und nat\u00fcrlich ganz pers\u00f6nlich in Saarbr\u00fccken, Berlin oder Amsterdam an.<\/span>\u00a0Die Sitzung kann eine Unterst\u00fctzung f\u00fcr die innere Arbeit, die du bereits tust oder ein Eckpfeiler deines Weges zur inneren Freiheit sein. Die Sitzungen k\u00f6nnen auf Deutsch, Englisch oder Niederl\u00e4ndisch stattfinden.<\/p>\n<p><span style=\"font-family: trebuchet ms, lucida grande, lucida sans unicode, lucida sans, tahoma, sans-serif;\">Es gibt verschiedene M\u00f6glichkeiten, wie ich dich auf deinem Weg begleiten kann<\/span><\/p>\n<ul>\n<li><span style=\"font-family: trebuchet ms, lucida grande, lucida sans unicode, lucida sans, tahoma, sans-serif;\">1 Einzelsitzung ( von ca. 1 bis 3 Stunden inkl. Nachtelefonat )\u00a0<\/span><\/li>\n<li><span style=\"font-family: trebuchet ms, lucida grande, lucida sans unicode, lucida sans, tahoma, sans-serif;\">1 Paket von 3 oder 6 Einzelsitzungen<\/span><\/li>\n<li><span style=\"font-family: trebuchet ms, lucida grande, lucida sans unicode, lucida sans, tahoma, sans-serif;\">Begleitung \u00fcber 3 oder 6 Monate, nach individueller Absprache<\/span><\/li>\n<\/ul>\n<h4><\/h4>\n<h4><\/h4>\n<h4><span style=\"color: #3c748e;\"><em>Feedbacks von meinen Klient*innen<\/em><\/span><\/h4>\n<p><em>Sandra, Journalistin aus Belgien\u00a0<\/em>Die Sitzungen mit Bettina sind f\u00fcr mich immer eine lebensver\u00e4ndernde Erfahrung. Durch ihre bedingungslose Liebe f\u00fchle ich mich getragen, umarmt und sicher, mich den tiefsten unbekannten Teilen meiner selbst zu \u00f6ffnen. <i>\u00a0<\/i><\/p>\n<p><em>Harald F, 61 Jahre aus Goslar\u00a0<\/em>Was f\u00fcr 2,5 Stunden : Ich merkte sofort eine Erl\u00f6sung von meinem mich lebenslang begleitenden Groll, \u00c4rger und Verletzung. Ich habe den Kern all meiner Themen getroffen und im Ursprung umprogrammiert und behandelt. Eine Woche sp\u00e4ter bemerkte ich eine innere Ruhe, die ich immer gesucht habe. Wenn ich\u00a0mich auf die Themen in der Vergangenheit konzentriere, die in mir immer \u00c4rger, Verletzungen und Groll erzeugt haben, sp\u00fcre ich eine neutrale Haltung. Ich gehe nicht in Emotionen.\u00a0Dies ist f\u00fcr mich eine Befreiung, die ich immer gesucht habe. \u00a0 \u00a0 \u00a0 \u00a0 \u00a0 \u00a0 \u00a0 \u00a0 \u00a0 \u00a0 \u00a0 \u00a0 \u00a0 \u00a0 \u00a0 \u00a0 \u00a0 \u00a0 \u00a0 \u00a0 \u00a0 \u00a0 \u00a0 \u00a0 \u00a0 \u00a0 \u00a0 \u00a0 \u00a0 \u00a0 \u00a0 \u00a0 \u00a0 \u00a0 \u00a0 \u00a0 \u00a0 \u00a0 \u00a0 \u00a0 \u00a0 \u00a0 \u00a0 \u00a0\u00a0<em>\u00a0<\/em><\/p>\n<p><em>Kathrin, Customer Journey Managerin\u00a0<\/em>Bettina ist eine sehr kesse besondere Frau mit sehr viel Feingef\u00fchl, Witz und Weisheit. Die Sitzungen mit ihr sind f\u00fcr mich etwas ganz Besonderes. Sie begleitet mit einer sehr feinen Intuition und greift auf einen umfassenden Erfahrungsschatz zur\u00fcck, so dass auch schwerwiegende Blockaden sogar nur in einer Journey &#8222;geknackt&#8220; werden k\u00f6nnen.<\/p>\n<p><i>\u00a0<\/i><\/p>\n<p>&nbsp;<\/p>\n<h4><\/h4>\n<h4><span style=\"color: #3c748e;\"><em>Die Retreats *Seelensprache mit Pferden*<\/em><\/span><\/h4>\n<p><a href=\"https:\/\/youtu.be\/lGvQ2sjlGpM\">Live Eindr\u00fccke von der Seelensprache mit Pferden<\/a><\/p>\n<p><a href=\"http:\/\/www.reset-neustart.de\/index.php\/bettina-hallifax\/img_6747\" rel=\"attachment wp-att-762\"><img loading=\"lazy\" decoding=\"async\" class=\"alignleft size-medium wp-image-762\" src=\"http:\/\/www.reset-neustart.de\/wp-content\/uploads\/2018\/11\/IMG_6747-183x244.jpg\" alt=\"\" width=\"183\" height=\"244\" srcset=\"https:\/\/www.reset-neustart.de\/wp-content\/uploads\/2018\/11\/IMG_6747-183x244.jpg 183w, https:\/\/www.reset-neustart.de\/wp-content\/uploads\/2018\/11\/IMG_6747-768x1024.jpg 768w\" sizes=\"auto, (max-width: 183px) 100vw, 183px\" \/><\/a><\/p>\n<p>Manchmal braucht es einen Spiegel, der hinter die Fassade schaut, um sich selber zu erkennen. Nicht so, wie man gerne w\u00e4re, sondern so, wie man ist. Es ist erstaunlich, wie selbstverst\u00e4ndlich Pferde diese Aufgabe \u00fcbernehmen. Sie sind die Meister der K\u00f6rpersprache. Egal, ob du regelm\u00e4\u00dfig mit Pferden zu tun hast oder nie. Pferde sind der perfekte Begleiter deiner Reise zu dir selbst.<\/p>\n<p>In ihrer Gegenwart zeigen sich ganz automatisch die Ursachen von Themen und Problemen, die du bisher mit dir durch dein Leben getragen hast.<\/p>\n<p>Durch intensive Selbsterforschung in Einzeln und Gruppenprozessen kannst du deine Antworten und L\u00f6sungen auf die Kernthemen deines Lebens in dir selbst entdecken.<\/p>\n<p><strong>Interessiert? Schau gleich <a href=\"https:\/\/seminare.bettinahallifax.de\/\">HIER<\/a> f\u00fcr n\u00e4here Informationen.<\/strong><\/p>\n<h4><\/h4>\n<p>&nbsp;<\/p>\n<p>&nbsp;<\/p>\n<p>&nbsp;<\/p>\n<p>&nbsp;<\/p>\n<h4><\/h4>\n<h4><\/h4>\n<p>&nbsp;<\/p>\n<p>&nbsp;<\/p>\n","protected":false},"excerpt":{"rendered":"<p>&nbsp; \u00a0 \u00dcber Bettina Hallifax &nbsp; Viele Jahre war ich auf der Suche nach dieser inneren Unbeschwertheit und Freude, die ich auf den Fotos meiner Kindheit sah und zu der ich einfach keinen Zugang mehr fand. Ich kam an einen &hellip; <a href=\"https:\/\/www.reset-neustart.de\/index.php\/bettina-hallifax\">Weiterlesen <span class=\"meta-nav\">&rarr;<\/span><\/a><\/p>\n","protected":false},"author":1,"featured_media":0,"parent":0,"menu_order":0,"comment_status":"closed","ping_status":"closed","template":"","meta":{"_monsterinsights_skip_tracking":false,"_monsterinsights_sitenote_active":false,"_monsterinsights_sitenote_note":"","_monsterinsights_sitenote_category":0,"footnotes":""},"class_list":["post-12","page","type-page","status-publish","hentry"],"_links":{"self":[{"href":"https:\/\/www.reset-neustart.de\/index.php\/wp-json\/wp\/v2\/pages\/12","targetHints":{"allow":["GET"]}}],"collection":[{"href":"https:\/\/www.reset-neustart.de\/index.php\/wp-json\/wp\/v2\/pages"}],"about":[{"href":"https:\/\/www.reset-neustart.de\/index.php\/wp-json\/wp\/v2\/types\/page"}],"author":[{"embeddable":true,"href":"https:\/\/www.reset-neustart.de\/index.php\/wp-json\/wp\/v2\/users\/1"}],"replies":[{"embeddable":true,"href":"https:\/\/www.reset-neustart.de\/index.php\/wp-json\/wp\/v2\/comments?post=12"}],"version-history":[{"count":61,"href":"https:\/\/www.reset-neustart.de\/index.php\/wp-json\/wp\/v2\/pages\/12\/revisions"}],"predecessor-version":[{"id":990,"href":"https:\/\/www.reset-neustart.de\/index.php\/wp-json\/wp\/v2\/pages\/12\/revisions\/990"}],"wp:attachment":[{"href":"https:\/\/www.reset-neustart.de\/index.php\/wp-json\/wp\/v2\/media?parent=12"}],"curies":[{"name":"wp","href":"https:\/\/api.w.org\/{rel}","templated":true}]}}